{"id":10868,"date":"2025-02-23T22:47:22","date_gmt":"2025-02-23T22:47:22","guid":{"rendered":"https:\/\/liv-in.com\/about-us\/"},"modified":"2026-02-02T18:57:31","modified_gmt":"2026-02-02T18:57:31","slug":"sobre-nos","status":"publish","type":"page","link":"https:\/\/liv-in.com\/pt-pt\/sobre-nos\/","title":{"rendered":"Sobre N\u00f3s"},"content":{"rendered":"\t\t<div data-elementor-type=\"wp-page\" data-elementor-id=\"10868\" class=\"elementor elementor-10868 elementor-9411\" data-elementor-post-type=\"page\">\n\t\t\t\t<div class=\"elementor-element elementor-element-9b8d802 e-con-full e-flex e-con e-parent\" data-id=\"9b8d802\" data-element_type=\"container\">\n\t\t\t\t<div class=\"elementor-element elementor-element-48ac844 elementor-widget elementor-widget-template\" data-id=\"48ac844\" data-element_type=\"widget\" data-widget_type=\"template.default\">\n\t\t\t\t<div class=\"elementor-widget-container\">\n\t\t\t\t\t\t\t<div class=\"elementor-template\">\n\t\t\t\t\t<div data-elementor-type=\"container\" data-elementor-id=\"11354\" class=\"elementor elementor-11354 elementor-11318\" data-elementor-post-type=\"elementor_library\">\n\t\t\t\t<div class=\"elementor-element elementor-element-65737cbb e-con-full n_hero e-flex e-con e-parent\" data-id=\"65737cbb\" data-element_type=\"container\" data-settings=\"{&quot;background_background&quot;:&quot;classic&quot;}\">\n\t\t<div class=\"elementor-element elementor-element-4ac11cb9 e-con-full e-flex e-con e-child\" data-id=\"4ac11cb9\" data-element_type=\"container\">\n\t\t\t\t<div class=\"elementor-element elementor-element-61b993d elementor-widget elementor-widget-heading\" data-id=\"61b993d\" data-element_type=\"widget\" data-widget_type=\"heading.default\">\n\t\t\t\t<div class=\"elementor-widget-container\">\n\t\t\t\t\t<h1 class=\"elementor-heading-title elementor-size-default\">SOBRE N\u00d3S<\/h1>\t\t\t\t<\/div>\n\t\t\t\t<\/div>\n\t\t\t\t<\/div>\n\t\t\t\t<\/div>\n\t\t\t\t<\/div>\n\t\t\t\t<\/div>\n\t\t\t\t\t\t<\/div>\n\t\t\t\t<\/div>\n\t\t\t\t<\/div>\n\t\t<div class=\"elementor-element elementor-element-c19aeb4 e-con-full e-flex e-con e-parent\" data-id=\"c19aeb4\" data-element_type=\"container\">\n\t\t<div class=\"elementor-element elementor-element-783dcb2 e-con-full e-flex e-con e-child\" data-id=\"783dcb2\" data-element_type=\"container\">\n\t\t<div class=\"elementor-element elementor-element-ed9c761 e-con-full e-flex e-con e-child\" data-id=\"ed9c761\" data-element_type=\"container\">\n\t\t\t\t<div class=\"elementor-element elementor-element-bd3898a elementor-icon-list--layout-traditional elementor-list-item-link-full_width elementor-widget elementor-widget-icon-list\" data-id=\"bd3898a\" data-element_type=\"widget\" data-widget_type=\"icon-list.default\">\n\t\t\t\t<div class=\"elementor-widget-container\">\n\t\t\t\t\t\t\t<ul class=\"elementor-icon-list-items\">\n\t\t\t\t\t\t\t<li class=\"elementor-icon-list-item\">\n\t\t\t\t\t\t\t\t\t\t\t<span class=\"elementor-icon-list-icon\">\n\t\t\t\t\t\t\t<svg aria-hidden=\"true\" class=\"e-font-icon-svg e-fas-circle\" viewBox=\"0 0 512 512\" xmlns=\"http:\/\/www.w3.org\/2000\/svg\"><path d=\"M256 8C119 8 8 119 8 256s111 248 248 248 248-111 248-248S393 8 256 8z\"><\/path><\/svg>\t\t\t\t\t\t<\/span>\n\t\t\t\t\t\t\t\t\t\t<span class=\"elementor-icon-list-text\">Sobre N\u00f3s<\/span>\n\t\t\t\t\t\t\t\t\t<\/li>\n\t\t\t\t\t\t<\/ul>\n\t\t\t\t\t\t<\/div>\n\t\t\t\t<\/div>\n\t\t\t\t<div class=\"elementor-element elementor-element-14c3ce6 elementor-widget elementor-widget-heading\" data-id=\"14c3ce6\" data-element_type=\"widget\" data-widget_type=\"heading.default\">\n\t\t\t\t<div class=\"elementor-widget-container\">\n\t\t\t\t\t<h3 class=\"elementor-heading-title elementor-size-default\">Transformamos cada espa\u00e7o em algo verdadeiramente excecional.<\/h3>\t\t\t\t<\/div>\n\t\t\t\t<\/div>\n\t\t\t\t<\/div>\n\t\t\t\t<div class=\"elementor-element elementor-element-f62b78b elementor-widget elementor-widget-text-editor\" data-id=\"f62b78b\" data-element_type=\"widget\" data-widget_type=\"text-editor.default\">\n\t\t\t\t<div class=\"elementor-widget-container\">\n\t\t\t\t\t\t\t\t\t<p>A arte do design gera resultados excecionais atrav\u00e9s da experi\u00eancia, rigor, empatia e dedica\u00e7\u00e3o. Orgulhamo-nos de compreender que os espa\u00e7os possuem um potencial ilimitado.<\/p><p>A nossa equipa de especialistas, quando desafiada por clientes vision\u00e1rios e ousados, cria resultados verdadeiramente not\u00e1veis.<\/p><p>Os nossos clientes reconhecem o nosso compromisso em transformar e reinventar espa\u00e7os, contando com a nossa equipa proativa e talentosa. H\u00e1 anos que entregamos resultados extraordin\u00e1rios, sempre com a mesma paix\u00e3o e energia.<\/p>\t\t\t\t\t\t\t\t<\/div>\n\t\t\t\t<\/div>\n\t\t\t\t<\/div>\n\t\t<div class=\"elementor-element elementor-element-02e5a92 e-con-full e-flex e-con e-child\" data-id=\"02e5a92\" data-element_type=\"container\">\n\t\t\t\t<div class=\"elementor-element elementor-element-4886475 elementor-widget elementor-widget-image\" data-id=\"4886475\" data-element_type=\"widget\" data-widget_type=\"image.default\">\n\t\t\t\t<div class=\"elementor-widget-container\">\n\t\t\t\t\t\t\t\t\t\t\t\t\t\t\t<img alt=\"\" fetchpriority=\"high\" decoding=\"async\" width=\"975\" height=\"488\" src=\"https:\/\/liv-in.com\/wp-content\/uploads\/2025\/02\/about-livin.webp\" class=\"attachment-full size-full wp-image-9413\" alt=\"\" srcset=\"https:\/\/liv-in.com\/wp-content\/uploads\/2025\/02\/about-livin.webp 975w, https:\/\/liv-in.com\/wp-content\/uploads\/2025\/02\/about-livin-300x150.webp 300w, https:\/\/liv-in.com\/wp-content\/uploads\/2025\/02\/about-livin-768x384.webp 768w\" sizes=\"(max-width: 975px) 100vw, 975px\" \/>\t\t\t\t\t\t\t\t\t\t\t\t\t\t\t<\/div>\n\t\t\t\t<\/div>\n\t\t\t\t<\/div>\n\t\t\t\t<\/div>\n\t\t<div class=\"elementor-element elementor-element-6bf3db9 e-con-full e-flex e-con e-parent\" data-id=\"6bf3db9\" data-element_type=\"container\">\n\t\t<div class=\"elementor-element elementor-element-74aa2c6 e-con-full e-flex e-con e-child\" data-id=\"74aa2c6\" data-element_type=\"container\">\n\t\t\t\t<div class=\"elementor-element elementor-element-d371939 elementor-widget elementor-widget-hiroshi_core_separator\" data-id=\"d371939\" data-element_type=\"widget\" data-widget_type=\"hiroshi_core_separator.default\">\n\t\t\t\t<div class=\"elementor-widget-container\">\n\t\t\t\t\t<div class=\"qodef-shortcode qodef-m  qodef-separator clear  \">\n\t<div class=\"qodef-m-line\" ><\/div>\n<\/div>\n\t\t\t\t<\/div>\n\t\t\t\t<\/div>\n\t\t\t\t<\/div>\n\t\t\t\t<\/div>\n\t\t<div class=\"elementor-element elementor-element-eb4246b e-con-full e-flex e-con e-parent\" data-id=\"eb4246b\" data-element_type=\"container\">\n\t\t<div class=\"elementor-element elementor-element-b3561e9 e-con-full e-flex e-con e-child\" data-id=\"b3561e9\" data-element_type=\"container\">\n\t\t\t\t<div class=\"elementor-element elementor-element-9fdcd52 elementor-widget elementor-widget-heading\" data-id=\"9fdcd52\" data-element_type=\"widget\" data-widget_type=\"heading.default\">\n\t\t\t\t<div class=\"elementor-widget-container\">\n\t\t\t\t\t<h5 class=\"elementor-heading-title elementor-size-default\">A Liv'in \u00e9 especializada em arquitetura, design de interiores, e gest\u00e3o e fiscaliza\u00e7\u00e3o de obra. Com foco em resid\u00eancias particulares, escrit\u00f3rios e espa\u00e7os de restaura\u00e7\u00e3o. Projetos de renova\u00e7\u00e3o e design de interiores para hot\u00e9is tamb\u00e9m s\u00e3o projetos comuns no nosso portf\u00f3lio. <\/h5>\t\t\t\t<\/div>\n\t\t\t\t<\/div>\n\t\t\t\t<\/div>\n\t\t<div class=\"elementor-element elementor-element-cf4ec2c e-con-full e-flex e-con e-child\" data-id=\"cf4ec2c\" data-element_type=\"container\">\n\t\t\t\t<div class=\"elementor-element elementor-element-3fbe0b3 elementor-widget elementor-widget-heading\" data-id=\"3fbe0b3\" data-element_type=\"widget\" data-widget_type=\"heading.default\">\n\t\t\t\t<div class=\"elementor-widget-container\">\n\t\t\t\t\t<h4 class=\"elementor-heading-title elementor-size-default\">O que fazemos<\/h4>\t\t\t\t<\/div>\n\t\t\t\t<\/div>\n\t\t\t\t<div class=\"elementor-element elementor-element-74c1f90 elementor-widget elementor-widget-text-editor\" data-id=\"74c1f90\" data-element_type=\"widget\" data-widget_type=\"text-editor.default\">\n\t\t\t\t<div class=\"elementor-widget-container\">\n\t\t\t\t\t\t\t\t\t<p>O nosso compromisso \u00e9 oferecer uma solu\u00e7\u00e3o integrada e impec\u00e1vel para resid\u00eancias e empresas de prest\u00edgio, garantindo a satisfa\u00e7\u00e3o dos clientes e o cumprimento rigoroso dos prazos em todas as fases do projeto.<\/p>\t\t\t\t\t\t\t\t<\/div>\n\t\t\t\t<\/div>\n\t\t\t\t<\/div>\n\t\t<div class=\"elementor-element elementor-element-02e0259 e-con-full e-flex e-con e-child\" data-id=\"02e0259\" data-element_type=\"container\">\n\t\t\t\t<div class=\"elementor-element elementor-element-5622b7a elementor-widget elementor-widget-heading\" data-id=\"5622b7a\" data-element_type=\"widget\" data-widget_type=\"heading.default\">\n\t\t\t\t<div class=\"elementor-widget-container\">\n\t\t\t\t\t<h4 class=\"elementor-heading-title elementor-size-default\">Como trabalhamos<\/h4>\t\t\t\t<\/div>\n\t\t\t\t<\/div>\n\t\t\t\t<div class=\"elementor-element elementor-element-5b2ab8e elementor-widget elementor-widget-text-editor\" data-id=\"5b2ab8e\" data-element_type=\"widget\" data-widget_type=\"text-editor.default\">\n\t\t\t\t<div class=\"elementor-widget-container\">\n\t\t\t\t\t\t\t\t\tA inova\u00e7\u00e3o, as tecnologias modernas, os materiais e a qualidade est\u00e3o no nosso foco principal. A sustentabilidade e a prote\u00e7\u00e3o ambiental s\u00e3o prioridades essenciais para a nossa equipa.\t\t\t\t\t\t\t\t<\/div>\n\t\t\t\t<\/div>\n\t\t\t\t<\/div>\n\t\t\t\t<\/div>\n\t\t<div class=\"elementor-element elementor-element-ade4999 e-con-full e-flex e-con e-parent\" data-id=\"ade4999\" data-element_type=\"container\">\n\t\t<div class=\"elementor-element elementor-element-6c57e78 e-con-full e-flex e-con e-child\" data-id=\"6c57e78\" data-element_type=\"container\">\n\t\t\t\t<div class=\"elementor-element elementor-element-eaa1625 elementor-widget elementor-widget-hiroshi_core_separator\" data-id=\"eaa1625\" data-element_type=\"widget\" data-widget_type=\"hiroshi_core_separator.default\">\n\t\t\t\t<div class=\"elementor-widget-container\">\n\t\t\t\t\t<div class=\"qodef-shortcode qodef-m  qodef-separator clear  \">\n\t<div class=\"qodef-m-line\" ><\/div>\n<\/div>\n\t\t\t\t<\/div>\n\t\t\t\t<\/div>\n\t\t\t\t<\/div>\n\t\t\t\t<\/div>\n\t\t<div class=\"elementor-element elementor-element-37edfb2 e-con-full e-flex e-con e-parent\" data-id=\"37edfb2\" data-element_type=\"container\">\n\t\t\t\t<div class=\"elementor-element elementor-element-c87e70e elementor-widget elementor-widget-hiroshi_core_image_gallery\" data-id=\"c87e70e\" data-element_type=\"widget\" data-widget_type=\"hiroshi_core_image_gallery.default\">\n\t\t\t\t<div class=\"elementor-widget-container\">\n\t\t\t\t\t<div class=\"qodef-shortcode qodef-m  qodef-image-gallery    qodef-grid qodef-swiper-container  qodef-gutter--tiny qodef-col-num--3  qodef-responsive--predefined qodef-swiper--show-pagination qodef-swiper--show-hidden-slides\" data-options=\"{&quot;slidesPerView&quot;:&quot;3&quot;,&quot;spaceBetween&quot;:8,&quot;loop&quot;:true,&quot;autoplay&quot;:true,&quot;speed&quot;:&quot;&quot;,&quot;speedAnimation&quot;:&quot;&quot;,&quot;slideAnimation&quot;:&quot;&quot;,&quot;direction&quot;:&quot;&quot;,&quot;centeredSlides&quot;:true,&quot;sliderScroll&quot;:false,&quot;loopAdditionalSlides&quot;:&quot;1&quot;,&quot;sliderPaginationType&quot;:&quot;bullets&quot;}\" dir=\"ltr\">\n<div class=\"swiper-wrapper\">\n\t\t<div class=\"qodef-e qodef-image-wrapper swiper-slide \">\n\t\t\t<img decoding=\"async\" width=\"1064\" height=\"1064\" src=\"https:\/\/liv-in.com\/wp-content\/uploads\/2025\/03\/Liv_in-in-action.webp\" class=\"attachment-full size-full\" alt=\"\" srcset=\"https:\/\/liv-in.com\/wp-content\/uploads\/2025\/03\/Liv_in-in-action.webp 1064w, https:\/\/liv-in.com\/wp-content\/uploads\/2025\/03\/Liv_in-in-action-300x300.webp 300w, https:\/\/liv-in.com\/wp-content\/uploads\/2025\/03\/Liv_in-in-action-1024x1024.webp 1024w, https:\/\/liv-in.com\/wp-content\/uploads\/2025\/03\/Liv_in-in-action-150x150.webp 150w, https:\/\/liv-in.com\/wp-content\/uploads\/2025\/03\/Liv_in-in-action-768x768.webp 768w, https:\/\/liv-in.com\/wp-content\/uploads\/2025\/03\/Liv_in-in-action-650x650.webp 650w\" sizes=\"(max-width: 1064px) 100vw, 1064px\" \/>\t<\/div>\n<div class=\"qodef-e qodef-image-wrapper swiper-slide \">\n\t\t\t<img decoding=\"async\" width=\"1063\" height=\"1063\" src=\"https:\/\/liv-in.com\/wp-content\/uploads\/2025\/03\/Liv_in-Perfecting-Final-Moments.webp\" class=\"attachment-full size-full\" alt=\"\" srcset=\"https:\/\/liv-in.com\/wp-content\/uploads\/2025\/03\/Liv_in-Perfecting-Final-Moments.webp 1063w, https:\/\/liv-in.com\/wp-content\/uploads\/2025\/03\/Liv_in-Perfecting-Final-Moments-300x300.webp 300w, https:\/\/liv-in.com\/wp-content\/uploads\/2025\/03\/Liv_in-Perfecting-Final-Moments-1024x1024.webp 1024w, https:\/\/liv-in.com\/wp-content\/uploads\/2025\/03\/Liv_in-Perfecting-Final-Moments-150x150.webp 150w, https:\/\/liv-in.com\/wp-content\/uploads\/2025\/03\/Liv_in-Perfecting-Final-Moments-768x768.webp 768w, https:\/\/liv-in.com\/wp-content\/uploads\/2025\/03\/Liv_in-Perfecting-Final-Moments-650x650.webp 650w\" sizes=\"(max-width: 1063px) 100vw, 1063px\" \/>\t<\/div>\n<div class=\"qodef-e qodef-image-wrapper swiper-slide \">\n\t\t\t<img loading=\"lazy\" decoding=\"async\" width=\"1067\" height=\"1067\" src=\"https:\/\/liv-in.com\/wp-content\/uploads\/2025\/03\/Livin-Interior-Design-Team-Last-touches_.webp\" class=\"attachment-full size-full\" alt=\"\" srcset=\"https:\/\/liv-in.com\/wp-content\/uploads\/2025\/03\/Livin-Interior-Design-Team-Last-touches_.webp 1067w, https:\/\/liv-in.com\/wp-content\/uploads\/2025\/03\/Livin-Interior-Design-Team-Last-touches_-300x300.webp 300w, https:\/\/liv-in.com\/wp-content\/uploads\/2025\/03\/Livin-Interior-Design-Team-Last-touches_-1024x1024.webp 1024w, https:\/\/liv-in.com\/wp-content\/uploads\/2025\/03\/Livin-Interior-Design-Team-Last-touches_-150x150.webp 150w, https:\/\/liv-in.com\/wp-content\/uploads\/2025\/03\/Livin-Interior-Design-Team-Last-touches_-768x768.webp 768w, https:\/\/liv-in.com\/wp-content\/uploads\/2025\/03\/Livin-Interior-Design-Team-Last-touches_-650x650.webp 650w\" sizes=\"(max-width: 1067px) 100vw, 1067px\" \/>\t<\/div>\n<div class=\"qodef-e qodef-image-wrapper swiper-slide \">\n\t\t\t<img loading=\"lazy\" decoding=\"async\" width=\"1057\" height=\"1057\" src=\"https:\/\/liv-in.com\/wp-content\/uploads\/2025\/03\/livin-Interior-Design-Team-Styling-Dining-Area-1.webp\" class=\"attachment-full size-full\" alt=\"\" srcset=\"https:\/\/liv-in.com\/wp-content\/uploads\/2025\/03\/livin-Interior-Design-Team-Styling-Dining-Area-1.webp 1057w, https:\/\/liv-in.com\/wp-content\/uploads\/2025\/03\/livin-Interior-Design-Team-Styling-Dining-Area-1-300x300.webp 300w, https:\/\/liv-in.com\/wp-content\/uploads\/2025\/03\/livin-Interior-Design-Team-Styling-Dining-Area-1-1024x1024.webp 1024w, https:\/\/liv-in.com\/wp-content\/uploads\/2025\/03\/livin-Interior-Design-Team-Styling-Dining-Area-1-150x150.webp 150w, https:\/\/liv-in.com\/wp-content\/uploads\/2025\/03\/livin-Interior-Design-Team-Styling-Dining-Area-1-768x768.webp 768w, https:\/\/liv-in.com\/wp-content\/uploads\/2025\/03\/livin-Interior-Design-Team-Styling-Dining-Area-1-650x650.webp 650w\" sizes=\"(max-width: 1057px) 100vw, 1057px\" \/>\t<\/div>\n<div class=\"qodef-e qodef-image-wrapper swiper-slide \">\n\t\t\t<img loading=\"lazy\" decoding=\"async\" width=\"1067\" height=\"1067\" src=\"https:\/\/liv-in.com\/wp-content\/uploads\/2025\/03\/Livin-Interior-Design-Team-1.webp\" class=\"attachment-full size-full\" alt=\"\" srcset=\"https:\/\/liv-in.com\/wp-content\/uploads\/2025\/03\/Livin-Interior-Design-Team-1.webp 1067w, https:\/\/liv-in.com\/wp-content\/uploads\/2025\/03\/Livin-Interior-Design-Team-1-300x300.webp 300w, https:\/\/liv-in.com\/wp-content\/uploads\/2025\/03\/Livin-Interior-Design-Team-1-1024x1024.webp 1024w, https:\/\/liv-in.com\/wp-content\/uploads\/2025\/03\/Livin-Interior-Design-Team-1-150x150.webp 150w, https:\/\/liv-in.com\/wp-content\/uploads\/2025\/03\/Livin-Interior-Design-Team-1-768x768.webp 768w, https:\/\/liv-in.com\/wp-content\/uploads\/2025\/03\/Livin-Interior-Design-Team-1-650x650.webp 650w\" sizes=\"(max-width: 1067px) 100vw, 1067px\" \/>\t<\/div>\n<div class=\"qodef-e qodef-image-wrapper swiper-slide \">\n\t\t\t<img loading=\"lazy\" decoding=\"async\" width=\"1067\" height=\"1067\" src=\"https:\/\/liv-in.com\/wp-content\/uploads\/2025\/03\/Livin-Lifestyle-at-Work_.webp\" class=\"attachment-full size-full\" alt=\"\" srcset=\"https:\/\/liv-in.com\/wp-content\/uploads\/2025\/03\/Livin-Lifestyle-at-Work_.webp 1067w, https:\/\/liv-in.com\/wp-content\/uploads\/2025\/03\/Livin-Lifestyle-at-Work_-300x300.webp 300w, https:\/\/liv-in.com\/wp-content\/uploads\/2025\/03\/Livin-Lifestyle-at-Work_-1024x1024.webp 1024w, https:\/\/liv-in.com\/wp-content\/uploads\/2025\/03\/Livin-Lifestyle-at-Work_-150x150.webp 150w, https:\/\/liv-in.com\/wp-content\/uploads\/2025\/03\/Livin-Lifestyle-at-Work_-768x768.webp 768w, https:\/\/liv-in.com\/wp-content\/uploads\/2025\/03\/Livin-Lifestyle-at-Work_-650x650.webp 650w\" sizes=\"(max-width: 1067px) 100vw, 1067px\" \/>\t<\/div>\n\t<\/div>\n\t\t\t<div class=\"swiper-pagination\"><\/div>\n<\/div>\n\t\t\t\t<\/div>\n\t\t\t\t<\/div>\n\t\t\t\t<\/div>\n\t\t<div class=\"elementor-element elementor-element-36305ec e-con-full e-flex e-con e-parent\" data-id=\"36305ec\" data-element_type=\"container\">\n\t\t<div class=\"elementor-element elementor-element-0679225 e-con-full e-flex e-con e-child\" data-id=\"0679225\" data-element_type=\"container\">\n\t\t\t\t<div class=\"elementor-element elementor-element-bd530ea elementor-widget elementor-widget-heading\" data-id=\"bd530ea\" data-element_type=\"widget\" data-widget_type=\"heading.default\">\n\t\t\t\t<div class=\"elementor-widget-container\">\n\t\t\t\t\t<h2 class=\"elementor-heading-title elementor-size-default\">A Histo\u0301ria da Liv'in<\/h2>\t\t\t\t<\/div>\n\t\t\t\t<\/div>\n\t\t\t\t<div class=\"elementor-element elementor-element-af039db elementor-widget elementor-widget-text-editor\" data-id=\"af039db\" data-element_type=\"widget\" data-widget_type=\"text-editor.default\">\n\t\t\t\t<div class=\"elementor-widget-container\">\n\t\t\t\t\t\t\t\t\t<p>A Liv\u2019in \u2013 we will do it for you surgiu em 2009, em Cascais, assente no princi\u0301pio fundamental de que cada lar deve ser o reflexo da identidade u\u0301nica dos seus habitantes. Tal como uma impressa\u0303o digital, u\u0301nica a cada um, assim deve ser a nossa casa, deve espelhar o nosso gosto e a nossa concec\u0327a\u0303o de bem-estar, aprimorando assim o modo como vivemos o nosso espac\u0327o.<\/p>\n<p>Fundada por Lina Galheto e Manuela Sousa e Silva, a Liv\u2019in nasceu da visa\u0303o partilhada de que as habitac\u0327o\u0303es portuguesas, desde as novas construc\u0327o\u0303es a\u0300s mais antigas, apresentam uma grande uniformidade nos seus interiores, desde acabamentos e mobilia\u0301rio. De uma forma geral, a u\u0301nica identidade de uma casa em Portugal e\u0301 determinada pelo ano e localizac\u0327a\u0303o da sua construc\u0327a\u0303o, o que dilui a identidade dos seus moradores.<\/p>\n<p>Inicialmente focada em Cascais, a empresa expandiu-se, assumindo projetos de arquitetura e renovac\u0327a\u0303o em va\u0301rias cidades de Portugal e, mais tarde, no Reino Unido. Devido ao crescimento de projetos no Reino Unido, foi aberto um estu\u0301dio em Londres para oferecer um servic\u0327o mais pr\u00f3ximo.<\/p>\t\t\t\t\t\t\t\t<\/div>\n\t\t\t\t<\/div>\n\t\t\t\t<\/div>\n\t\t<div class=\"elementor-element elementor-element-b611164 e-con-full e-flex e-con e-child\" data-id=\"b611164\" data-element_type=\"container\">\n\t\t\t\t<div class=\"elementor-element elementor-element-8b0678c elementor-widget elementor-widget-image\" data-id=\"8b0678c\" data-element_type=\"widget\" data-widget_type=\"image.default\">\n\t\t\t\t<div class=\"elementor-widget-container\">\n\t\t\t\t\t\t\t\t\t\t\t\t\t\t\t<img loading=\"lazy\" decoding=\"async\" width=\"1290\" height=\"1321\" src=\"https:\/\/liv-in.com\/wp-content\/uploads\/2025\/02\/Lina-Galheto.webp\" class=\"attachment-full size-full wp-image-9427\" alt=\"Co-founder and CEO of Liv&#039;in, Lina Galheto, leading luxury interior design and architecture innovation.\" srcset=\"https:\/\/liv-in.com\/wp-content\/uploads\/2025\/02\/Lina-Galheto.webp 1290w, https:\/\/liv-in.com\/wp-content\/uploads\/2025\/02\/Lina-Galheto-293x300.webp 293w, https:\/\/liv-in.com\/wp-content\/uploads\/2025\/02\/Lina-Galheto-1000x1024.webp 1000w, https:\/\/liv-in.com\/wp-content\/uploads\/2025\/02\/Lina-Galheto-768x786.webp 768w\" sizes=\"(max-width: 1290px) 100vw, 1290px\" \/>\t\t\t\t\t\t\t\t\t\t\t\t\t\t\t<\/div>\n\t\t\t\t<\/div>\n\t\t\t\t<\/div>\n\t\t\t\t<\/div>\n\t\t<div class=\"elementor-element elementor-element-cebf685 e-flex e-con-boxed e-con e-parent\" data-id=\"cebf685\" data-element_type=\"container\">\n\t\t\t\t\t<div class=\"e-con-inner\">\n\t\t<div class=\"elementor-element elementor-element-9d05199 e-con-full e-flex e-con e-child\" data-id=\"9d05199\" data-element_type=\"container\">\n\t\t\t\t<div class=\"elementor-element elementor-element-a92f9e1 elementor-widget elementor-widget-heading\" data-id=\"a92f9e1\" data-element_type=\"widget\" data-widget_type=\"heading.default\">\n\t\t\t\t<div class=\"elementor-widget-container\">\n\t\t\t\t\t<h5 class=\"elementor-heading-title elementor-size-default\">A recente parceria estabelecida com uma empresa de construc\u0327a\u0303o no Bahrein e\u0301 reflexo do nosso compromisso com a qualidade e excele\u0302ncia em todos os servic\u0327os que oferecemos. Atualmente, sob a lideranc\u0327a conti\u0301nua de Lina Galheto e contando com o apoio de uma equipa mais robusta e uma gama de servic\u0327os mais diversificada, a Liv\u2019in mante\u0301m-se fiel aos seus princi\u0301pios originais. <\/h5>\t\t\t\t<\/div>\n\t\t\t\t<\/div>\n\t\t\t\t<\/div>\n\t\t<div class=\"elementor-element elementor-element-a110762 e-con-full e-flex e-con e-child\" data-id=\"a110762\" data-element_type=\"container\">\n\t\t\t\t<div class=\"elementor-element elementor-element-fac67d5 elementor-widget elementor-widget-heading\" data-id=\"fac67d5\" data-element_type=\"widget\" data-widget_type=\"heading.default\">\n\t\t\t\t<div class=\"elementor-widget-container\">\n\t\t\t\t\t<h5 class=\"elementor-heading-title elementor-size-default\">Compromisso com a qualidade, o conhecimento em design de interiores, a busca constante por novas soluc\u0327o\u0303es e o foco no lar do cliente.\u2028A longo prazo, a Liv\u2019in tem como objetivo acompanhar os seus clientes globalmente, seja para construc\u0327a\u0303o dos seus lares e escrito\u0301rios, ou na rentabilizac\u0327a\u0303o dos seus investimentos.<\/h5>\t\t\t\t<\/div>\n\t\t\t\t<\/div>\n\t\t\t\t<\/div>\n\t\t\t\t\t<\/div>\n\t\t\t\t<\/div>\n\t\t<div class=\"elementor-element elementor-element-59ac3c5 e-con-full e-flex e-con e-parent\" data-id=\"59ac3c5\" data-element_type=\"container\" data-settings=\"{&quot;background_background&quot;:&quot;classic&quot;}\">\n\t\t<div class=\"elementor-element elementor-element-c842a61 e-con-full e-flex e-con e-child\" data-id=\"c842a61\" data-element_type=\"container\">\n\t\t\t\t<\/div>\n\t\t\t\t<\/div>\n\t\t<div class=\"elementor-element elementor-element-505edce e-con-full e-flex e-con e-parent\" data-id=\"505edce\" data-element_type=\"container\" data-settings=\"{&quot;background_background&quot;:&quot;classic&quot;}\">\n\t\t<div class=\"elementor-element elementor-element-88cd09c e-con-full e-flex e-con e-child\" data-id=\"88cd09c\" data-element_type=\"container\">\n\t\t\t\t<div class=\"elementor-element elementor-element-004c1fc elementor-widget elementor-widget-heading\" data-id=\"004c1fc\" data-element_type=\"widget\" data-widget_type=\"heading.default\">\n\t\t\t\t<div class=\"elementor-widget-container\">\n\t\t\t\t\t<h5 class=\"elementor-heading-title elementor-size-default\">Para al\u00e9m da nossa experi\u00eancia em materiais, design, decora\u00e7\u00e3o e diversas outras \u00e1reas, o principal objetivo da nossa equipa \u00e9 proporcionar uma experi\u00eancia confort\u00e1vel e gratificante a todos os nossos clientes, proporcionando-lhes um servi\u00e7o \u00fanico, personalizado e exclusivo.<\/h5>\t\t\t\t<\/div>\n\t\t\t\t<\/div>\n\t\t\t\t<\/div>\n\t\t\t\t<\/div>\n\t\t<div class=\"elementor-element elementor-element-f5d6a0c e-con-full e-flex e-con e-parent\" data-id=\"f5d6a0c\" data-element_type=\"container\">\n\t\t<div class=\"elementor-element elementor-element-c3810e9 e-con-full e-flex e-con e-child\" data-id=\"c3810e9\" data-element_type=\"container\">\n\t\t\t\t<div class=\"elementor-element elementor-element-8ef595c elementor-widget elementor-widget-heading\" data-id=\"8ef595c\" data-element_type=\"widget\" data-widget_type=\"heading.default\">\n\t\t\t\t<div class=\"elementor-widget-container\">\n\t\t\t\t\t<h2 class=\"elementor-heading-title elementor-size-default\">Lina Galheto<\/h2>\t\t\t\t<\/div>\n\t\t\t\t<\/div>\n\t\t\t\t<div class=\"elementor-element elementor-element-f57fb40 elementor-widget elementor-widget-heading\" data-id=\"f57fb40\" data-element_type=\"widget\" data-widget_type=\"heading.default\">\n\t\t\t\t<div class=\"elementor-widget-container\">\n\t\t\t\t\t<h6 class=\"elementor-heading-title elementor-size-default\">CEO e Diretora Criativa<\/h6>\t\t\t\t<\/div>\n\t\t\t\t<\/div>\n\t\t\t\t<div class=\"elementor-element elementor-element-2723652 elementor-widget elementor-widget-text-editor\" data-id=\"2723652\" data-element_type=\"widget\" data-widget_type=\"text-editor.default\">\n\t\t\t\t<div class=\"elementor-widget-container\">\n\t\t\t\t\t\t\t\t\t<p>Lina Galheto distingue-se pela sua excecional capacidade de visualizac\u0327a\u0303o espacial, aliada a uma meticulosa atenc\u0327a\u0303o ao pormenor e a uma nota\u0301vel agilidade na resoluc\u0327a\u0303o de problemas. Combina habilmente as prefere\u0302ncias e necessidades dos clientes com propostas inovadoras e concretas para os seus espac\u0327os.<\/p><p>Com uma carreira consolidada, inclui mais de dez anos como diretora comercial em multinacionais de renome, antes de se dedicar plenamente ao mundo do design de interiores.<\/p><p>Licenciada em Design e com um MBA, concluiu recentemente o Mestrado em Tecnologias Digitais para o Nego\u0301cio pelo ISCTE, onde defendeu a tese &#8220;O Potencial da Realidade Virtual no Design de Interiores&#8221;. Comprometida em manter-se na vanguarda do setor, investe continuamente na sua formac\u0327a\u0303o atrave\u0301s de cursos e participac\u0327a\u0303o em feiras internacionais. Esta\u0301 sempre a par das novas tende\u0302ncias e soluc\u0327o\u0303es, integrando-as de maneira sustenta\u0301vel e inovadora nos seus projetos.<\/p><p>A filosofia de design de Lina Galheto e\u0301 baseada no famoso princi\u0301pio &#8220;menos e\u0301 mais&#8221;. Com isto assente, procura harmonizar o conforto e o bem-estar com estilo e personalidade, sem nunca negligenciar a funcionalidade e praticidade dos espac\u0327os. Este equili\u0301brio na\u0303o apenas melhora a qualidade de vida dos ocupantes, mas tambe\u0301m valoriza o imo\u0301vel em si.<\/p><p>Ale\u0301m do design e da este\u0301tica, Lina da\u0301 especial atenc\u0327a\u0303o a\u0300 origem e sustentabilidade dos produtos que utiliza. Para que um espac\u0327o seja verdadeiramente u\u0301nico, e\u0301 essencial garantir na\u0303o apenas a sua singularidade visual, mas tambe\u0301m a qualidade, durabilidade e impacto ambiental dos materiais. Para ela, a sustentabilidade vai ale\u0301m da longevidade dos produtos \u2013 incorpora tambe\u0301m uma beleza intemporal, capaz de perdurar no tempo<\/p>\t\t\t\t\t\t\t\t<\/div>\n\t\t\t\t<\/div>\n\t\t\t\t<\/div>\n\t\t<div class=\"elementor-element elementor-element-cbfc5e5 e-con-full e-flex e-con e-child\" data-id=\"cbfc5e5\" data-element_type=\"container\">\n\t\t\t\t<div class=\"elementor-element elementor-element-f80d5b9 elementor-widget elementor-widget-image\" data-id=\"f80d5b9\" data-element_type=\"widget\" data-widget_type=\"image.default\">\n\t\t\t\t<div class=\"elementor-widget-container\">\n\t\t\t\t\t\t\t\t\t\t\t\t\t\t\t<img loading=\"lazy\" decoding=\"async\" width=\"445\" height=\"861\" src=\"https:\/\/liv-in.com\/wp-content\/uploads\/2025\/02\/Lina-Galheto-Perfil2.webp\" class=\"attachment-full size-full wp-image-9438\" alt=\"Lina Galheto, CEO and co-founder of Liv&#039;in, embodying leadership and excellence in high-end design.\" srcset=\"https:\/\/liv-in.com\/wp-content\/uploads\/2025\/02\/Lina-Galheto-Perfil2.webp 445w, https:\/\/liv-in.com\/wp-content\/uploads\/2025\/02\/Lina-Galheto-Perfil2-155x300.webp 155w\" sizes=\"(max-width: 445px) 100vw, 445px\" \/>\t\t\t\t\t\t\t\t\t\t\t\t\t\t\t<\/div>\n\t\t\t\t<\/div>\n\t\t\t\t<\/div>\n\t\t\t\t<\/div>\n\t\t<div class=\"elementor-element elementor-element-5ce579e e-con-full e-flex e-con e-parent\" data-id=\"5ce579e\" data-element_type=\"container\">\n\t\t<div class=\"elementor-element elementor-element-8a204ca e-con-full e-flex e-con e-child\" data-id=\"8a204ca\" data-element_type=\"container\">\n\t\t\t\t<div class=\"elementor-element elementor-element-a8d848b elementor-widget elementor-widget-image\" data-id=\"a8d848b\" data-element_type=\"widget\" data-widget_type=\"image.default\">\n\t\t\t\t<div class=\"elementor-widget-container\">\n\t\t\t\t\t\t\t\t\t\t\t\t\t\t\t<img loading=\"lazy\" decoding=\"async\" width=\"444\" height=\"876\" src=\"https:\/\/liv-in.com\/wp-content\/uploads\/2025\/02\/Carlos-Lopes-Architect.webp\" class=\"attachment-full size-full wp-image-9443\" alt=\"Architect Carlos Lopes, known for his expertise in high-end architecture, collaborating with Liv&#039;in to shape elegant and bespoke spaces.\" srcset=\"https:\/\/liv-in.com\/wp-content\/uploads\/2025\/02\/Carlos-Lopes-Architect.webp 444w, https:\/\/liv-in.com\/wp-content\/uploads\/2025\/02\/Carlos-Lopes-Architect-152x300.webp 152w\" sizes=\"(max-width: 444px) 100vw, 444px\" \/>\t\t\t\t\t\t\t\t\t\t\t\t\t\t\t<\/div>\n\t\t\t\t<\/div>\n\t\t\t\t<\/div>\n\t\t<div class=\"elementor-element elementor-element-abc9441 e-con-full e-flex e-con e-child\" data-id=\"abc9441\" data-element_type=\"container\">\n\t\t\t\t<div class=\"elementor-element elementor-element-fe0bae1 elementor-widget elementor-widget-heading\" data-id=\"fe0bae1\" data-element_type=\"widget\" data-widget_type=\"heading.default\">\n\t\t\t\t<div class=\"elementor-widget-container\">\n\t\t\t\t\t<h2 class=\"elementor-heading-title elementor-size-default\">Carlos Lopes<\/h2>\t\t\t\t<\/div>\n\t\t\t\t<\/div>\n\t\t\t\t<div class=\"elementor-element elementor-element-a176e1e elementor-widget elementor-widget-heading\" data-id=\"a176e1e\" data-element_type=\"widget\" data-widget_type=\"heading.default\">\n\t\t\t\t<div class=\"elementor-widget-container\">\n\t\t\t\t\t<h6 class=\"elementor-heading-title elementor-size-default\">Arquiteto<\/h6>\t\t\t\t<\/div>\n\t\t\t\t<\/div>\n\t\t\t\t<div class=\"elementor-element elementor-element-786e6e4 elementor-widget elementor-widget-text-editor\" data-id=\"786e6e4\" data-element_type=\"widget\" data-widget_type=\"text-editor.default\">\n\t\t\t\t<div class=\"elementor-widget-container\">\n\t\t\t\t\t\t\t\t\t<p>A colaborac\u0327a\u0303o entre Carlos Lopes e a Liv\u2019in surgiu de forma inesperada, durante um projeto que envolvia ambas as empresas. Desenvolveu-se de maneira orga\u0302nica, impulsionada por uma visa\u0303o comum e pela partilha de filosofias de trabalho alinhadas. A crenc\u0327a de que &#8220;a melhor publicidade e\u0301 a satisfac\u0327a\u0303o do cliente&#8221; foi um dos pilares que permitiu que esta parceria flui\u0301sse naturalmente.<\/p><p>Carlos Lopes iniciou o seu percurso acade\u0301mico em Arte e Design no Liceu de Braganc\u0327a, o que mais tarde o levou a ingressar na licenciatura em Arquitetura, em Lisboa. Desde o primeiro ano do curso, comec\u0327ou a sua trajeto\u0301ria profissional, onde rapidamente percebeu a importa\u0302ncia da reabilitac\u0327a\u0303o urbana. Para aprofundar os seus conhecimentos nesta a\u0301rea, integrou o 1.o Mestrado em Reabilitac\u0327a\u0303o e Conservac\u0327a\u0303o do Patrimo\u0301nio Edificado no Instituto Superior Te\u0301cnico. Especializou-se em te\u0301cnicas que conciliam a preservac\u0327a\u0303o da memo\u0301ria histo\u0301rica com a inovac\u0327a\u0303o na utilizac\u0327a\u0303o do espac\u0327o.<\/p><p>Para Carlos, a arquitetura e\u0301 uma presenc\u0327a constante no quotidiano e desempenha um papel essencial na forma como experienciamos os espac\u0327os. Defende que a inovac\u0327a\u0303o deve estar sempre em harmonia com a preservac\u0327a\u0303o do passado e considera o arquiteto um mediador fundamental na transformac\u0327a\u0303o do ambiente construi\u0301do.<\/p><p>A relac\u0327a\u0303o entre arquitetura e design de interiores e\u0301, segundo ele, intrinsecamente simbio\u0301tica. Ao unir a visa\u0303o estrutural e te\u0301cnica da arquitetura ao detalhe este\u0301tico e funcional do design, e\u0301 possi\u0301vel criar espac\u0327os na\u0303o apenas acolhedores e personalizados, mas tambe\u0301m perfeitamente adaptados a\u0300s necessidades dos utilizadores, seja em contextos empresariais ou residenciais.<\/p>\t\t\t\t\t\t\t\t<\/div>\n\t\t\t\t<\/div>\n\t\t\t\t<\/div>\n\t\t\t\t<\/div>\n\t\t\t\t<\/div>\n\t\t","protected":false},"excerpt":{"rendered":"<p>Sobre N\u00f3s Transformamos cada espa\u00e7o em algo verdadeiramente excecional. A arte do design gera resultados excecionais atrav\u00e9s da experi\u00eancia, rigor, empatia e dedica\u00e7\u00e3o. Orgulhamo-nos de compreender que os espa\u00e7os possuem um potencial ilimitado. A nossa equipa de especialistas, quando desafiada por clientes vision\u00e1rios e ousados, cria resultados verdadeiramente not\u00e1veis. Os nossos clientes reconhecem o nosso [&hellip;]<\/p>\n","protected":false},"author":1,"featured_media":0,"parent":0,"menu_order":0,"comment_status":"closed","ping_status":"closed","template":"","meta":{"_acf_changed":false,"_seopress_robots_primary_cat":"","_seopress_titles_title":"","_seopress_titles_desc":"","_seopress_robots_index":"","inline_featured_image":false,"footnotes":""},"class_list":["post-10868","page","type-page","status-publish","hentry"],"acf":[],"_links":{"self":[{"href":"https:\/\/liv-in.com\/pt-pt\/wp-json\/wp\/v2\/pages\/10868","targetHints":{"allow":["GET"]}}],"collection":[{"href":"https:\/\/liv-in.com\/pt-pt\/wp-json\/wp\/v2\/pages"}],"about":[{"href":"https:\/\/liv-in.com\/pt-pt\/wp-json\/wp\/v2\/types\/page"}],"author":[{"embeddable":true,"href":"https:\/\/liv-in.com\/pt-pt\/wp-json\/wp\/v2\/users\/1"}],"replies":[{"embeddable":true,"href":"https:\/\/liv-in.com\/pt-pt\/wp-json\/wp\/v2\/comments?post=10868"}],"version-history":[{"count":15,"href":"https:\/\/liv-in.com\/pt-pt\/wp-json\/wp\/v2\/pages\/10868\/revisions"}],"predecessor-version":[{"id":11533,"href":"https:\/\/liv-in.com\/pt-pt\/wp-json\/wp\/v2\/pages\/10868\/revisions\/11533"}],"wp:attachment":[{"href":"https:\/\/liv-in.com\/pt-pt\/wp-json\/wp\/v2\/media?parent=10868"}],"curies":[{"name":"wp","href":"https:\/\/api.w.org\/{rel}","templated":true}]}}